{"id":247,"date":"2025-01-02T08:49:58","date_gmt":"2025-01-02T11:49:58","guid":{"rendered":"https:\/\/santaanadelosguacaras.gob.ar\/sitionuevo\/?page_id=247"},"modified":"2025-01-03T21:18:58","modified_gmt":"2025-01-04T00:18:58","slug":"normativa","status":"publish","type":"page","link":"https:\/\/santaanadelosguacaras.gob.ar\/sitio\/normativa\/","title":{"rendered":"Normativa"},"content":{"rendered":"\n<p>En esta secci\u00f3n encontrar\u00e1 las resoluciones y comunicaciones realizados por el Departamento Ejecutivo de la Municipalidad de Santa Ana de los Gu\u00e1caras.<\/p>\n\n\n\n<h4 class=\"wp-block-heading\">Carta Org\u00e1nica<\/h4>\n\n\n\n<div class=\"wp-block-file\"><a id=\"wp-block-file--media-c6ff6c72-17fa-4910-a46a-3b7ab4a1f08e\" href=\"https:\/\/santaanadelosguacaras.gob.ar\/sitio\/wp-content\/uploads\/2025\/01\/Carta-Organica-Santa-Ana.pdf\" target=\"_blank\" rel=\"noreferrer noopener\">Carta Org\u00e1nica Santa Ana<\/a><a href=\"https:\/\/santaanadelosguacaras.gob.ar\/sitio\/wp-content\/uploads\/2025\/01\/Carta-Organica-Santa-Ana.pdf\" class=\"wp-block-file__button wp-element-button\" download aria-describedby=\"wp-block-file--media-c6ff6c72-17fa-4910-a46a-3b7ab4a1f08e\">Descarga<\/a><\/div>\n\n\n\n<h4 class=\"wp-block-heading\">Resoluciones<\/h4>\n\n\n\n<div class=\"wp-block-file\"><a id=\"wp-block-file--media-3e8e12b5-9aac-478a-8ba5-98abd16b70f5\" href=\"https:\/\/santaanadelosguacaras.gob.ar\/sitio\/wp-content\/uploads\/2025\/01\/Resolucion-Implementacion-Plan-Guacaras.pdf\" target=\"_blank\" rel=\"noreferrer noopener\"><strong>Resoluci\u00f3n de Implementaci\u00f3n Plan Gu\u00e1caras<\/strong><\/a><a href=\"https:\/\/santaanadelosguacaras.gob.ar\/sitio\/wp-content\/uploads\/2025\/01\/Resolucion-Implementacion-Plan-Guacaras.pdf\" class=\"wp-block-file__button wp-element-button\" download aria-describedby=\"wp-block-file--media-3e8e12b5-9aac-478a-8ba5-98abd16b70f5\">Descarga<\/a><\/div>\n\n\n\n<div class=\"wp-block-file\"><a id=\"wp-block-file--media-fd0afee7-9fd4-4ddc-bb36-15ae4e5f5de1\" href=\"https:\/\/santaanadelosguacaras.gob.ar\/sitio\/wp-content\/uploads\/2025\/01\/Resolucion-Reglamentacion-del-Plan-Guacaras.pdf\" target=\"_blank\" rel=\"noreferrer noopener\"><strong>Resoluci\u00f3n de Reglamentaci\u00f3n del Plan Gu\u00e1caras<\/strong><\/a><a href=\"https:\/\/santaanadelosguacaras.gob.ar\/sitio\/wp-content\/uploads\/2025\/01\/Resolucion-Reglamentacion-del-Plan-Guacaras.pdf\" class=\"wp-block-file__button wp-element-button\" download aria-describedby=\"wp-block-file--media-fd0afee7-9fd4-4ddc-bb36-15ae4e5f5de1\">Descarga<\/a><\/div>\n\n\n\n<div class=\"wp-block-file\"><a id=\"wp-block-file--media-fdd964df-5966-454e-859f-ffd45d62f057\" href=\"https:\/\/santaanadelosguacaras.gob.ar\/sitio\/wp-content\/uploads\/2025\/01\/Resolucion-Renovacion-Plan-Guacaras-2.pdf\" target=\"_blank\" rel=\"noreferrer noopener\"><strong>Resoluci\u00f3n de Renovaci\u00f3n del Plan Gu\u00e1caras<\/strong><\/a><a href=\"https:\/\/santaanadelosguacaras.gob.ar\/sitio\/wp-content\/uploads\/2025\/01\/Resolucion-Renovacion-Plan-Guacaras-2.pdf\" class=\"wp-block-file__button wp-element-button\" download aria-describedby=\"wp-block-file--media-fdd964df-5966-454e-859f-ffd45d62f057\">Descarga<\/a><\/div>\n\n\n<div class='pt-cv-wrapper'> <div class=\"pt-cv-view pt-cv-overlaygrid iscvblock iscvreal overlay1 layout1\" id=\"pt-cv-view-9ou76or3\"><div data-id=\"pt-cv-page-1\" class=\"pt-cv-page\" data-cvc=\"3\"><div class=\" pt-cv-content-item pt-cv-1-col\" ><div class=\"pt-cv-thumb-wrapper  \"><a href=\"https:\/\/santaanadelosguacaras.gob.ar\/sitio\/se-declara-al-mono-caraya-monumento-natural-de-corrientes\/\" class=\"_self pt-cv-href-thumbnail pt-cv-thumb-default\" target=\"_self\" ><img loading=\"lazy\" decoding=\"async\" width=\"768\" height=\"768\" src=\"https:\/\/santaanadelosguacaras.gob.ar\/sitio\/wp-content\/uploads\/2025\/01\/caraya-1024x1024-1-768x768.jpg\" class=\"pt-cv-thumbnail\" alt=\"\" \/><\/a><\/div>\n<div class=\"pt-cv-overlay-wrapper\"><div class=\"pt-cv-taxoterm above_title\"><a href='https:\/\/santaanadelosguacaras.gob.ar\/sitio\/categorias\/ambiente\/' title='Ambiente' class='pt-cv-tax-ambiente'>Ambiente<\/a><\/div><h4 class=\"pt-cv-title\"><a href=\"https:\/\/santaanadelosguacaras.gob.ar\/sitio\/se-declara-al-mono-caraya-monumento-natural-de-corrientes\/\" class=\"_self\" target=\"_self\" >Se declara al Mono Caray\u00e1 Monumento Natural de Corrientes<\/a><\/h4><div class=\"pt-cv-meta-fields\"><span class=\"entry-date\"> <time datetime=\"2024-08-15T08:55:58-03:00\">15\/08\/2024<\/time><\/span><span> \/ <\/span><span class=\"author\"> <a href=\"https:\/\/santaanadelosguacaras.gob.ar\/sitio\/author\/c2730421\/\" rel=\"author\">Comunicaci\u00f3n<\/a><\/span><\/div><\/div><\/div>\n<div class=\" pt-cv-content-item pt-cv-1-col\" ><div class=\"pt-cv-thumb-wrapper  \"><a href=\"https:\/\/santaanadelosguacaras.gob.ar\/sitio\/comunicado-acerca-de-los-beneficiarios-del-plan-social-de-fortalecimiento-institucional-guacaras\/\" class=\"_self pt-cv-href-thumbnail pt-cv-thumb-default\" target=\"_self\" ><img decoding=\"async\" src=\"https:\/\/santaanadelosguacaras.gob.ar\/sitio\/wp-content\/plugins\/content-views-query-and-display-post-page\/public\/assets\/images\/default_image.png\" class=\"pt-cv-thumbnail cv-default-img\" alt=\"Comunicado acerca de los beneficiarios del Plan Social de Fortalecimiento Institucional \u00abGu\u00e1caras\u00bb\" title=\"\" \/><\/a><\/div>\n<div class=\"pt-cv-overlay-wrapper\"><div class=\"pt-cv-taxoterm above_title\"><a href='https:\/\/santaanadelosguacaras.gob.ar\/sitio\/categorias\/sin-categoria\/' title='Sin categor\u00eda' class='pt-cv-tax-sin-categoria'>Sin categor\u00eda<\/a><\/div><h4 class=\"pt-cv-title\"><a href=\"https:\/\/santaanadelosguacaras.gob.ar\/sitio\/comunicado-acerca-de-los-beneficiarios-del-plan-social-de-fortalecimiento-institucional-guacaras\/\" class=\"_self\" target=\"_self\" >Comunicado acerca de los beneficiarios del Plan Social de Fortalecimiento Institucional \u00abGu\u00e1caras\u00bb<\/a><\/h4><div class=\"pt-cv-meta-fields\"><span class=\"entry-date\"> <time datetime=\"2024-07-23T08:53:00-03:00\">23\/07\/2024<\/time><\/span><span> \/ <\/span><span class=\"author\"> <a href=\"https:\/\/santaanadelosguacaras.gob.ar\/sitio\/author\/c2730421\/\" rel=\"author\">Comunicaci\u00f3n<\/a><\/span><\/div><\/div><\/div><\/div><\/div> <\/div> <style>\n#pt-cv-view-9ou76or3 .pt-cv-thumb-wrapper::before {background: rgba(0,0,0,.4); opacity: 0.8;}#pt-cv-view-9ou76or3 .pt-cv-overlay-wrapper {justify-content: center;}\n#pt-cv-view-9ou76or3 .pt-cv-meta-fields {  }#pt-cv-view-9ou76or3 .pt-cv-meta-fields * { font-size: 13px; }#pt-cv-view-9ou76or3 .pt-cv-title a { display: block; }#pt-cv-view-9ou76or3 .pt-cv-title:not(.pt-cv-titlesm) a { font-weight: 600;text-decoration: none;font-size: 20px; }#pt-cv-view-9ou76or3 .pt-cv-titlesm a { font-weight: 600;font-size: 18px; }#pt-cv-view-9ou76or3 .pt-cv-content { font-size: 15px; }#pt-cv-view-9ou76or3 .pt-cv-rmwrap {  }#pt-cv-view-9ou76or3 .pt-cv-readmore { color: #fff;background-color: #0075ff;font-size: 14px; }#pt-cv-view-9ou76or3 .pt-cv-taxoterm { margin: 0px 0px 20px 0px; }#pt-cv-view-9ou76or3 .pt-cv-taxoterm * { color: #222;background-color: #fff6f6;font-size: 14px; }#pt-cv-view-9ou76or3 + .pt-cv-pagination-wrapper {  }#pt-cv-view-9ou76or3 + .pt-cv-pagination-wrapper a { font-size: 14px; }#pt-cv-view-9ou76or3 > .pt-cv-page {grid-template-columns: repeat(3, 1fr);grid-auto-rows: 250px;grid-gap: 10px;}\n@media all and (max-width: 1024px) { \n#pt-cv-view-9ou76or3 > .pt-cv-page {}\n} \n@media all and (max-width: 767px) { \n#pt-cv-view-9ou76or3 > .pt-cv-page {grid-template-columns: repeat(1, 1fr);}\n} <\/style>","protected":false},"excerpt":{"rendered":"<p>En esta secci\u00f3n encontrar\u00e1 las resoluciones y comunicaciones realizados por el Departamento Ejecutivo de la Municipalidad de Santa Ana de los Gu\u00e1caras. Carta Org\u00e1nica Resoluciones<\/p>\n","protected":false},"author":2,"featured_media":0,"parent":0,"menu_order":0,"comment_status":"closed","ping_status":"closed","template":"","meta":{"footnotes":""},"class_list":["post-247","page","type-page","status-publish","hentry"],"yoast_head":"<!-- This site is optimized with the Yoast SEO plugin v24.8.1 - https:\/\/yoast.com\/wordpress\/plugins\/seo\/ -->\n<title>Normativa - Municipalidad de Santa Ana de los Gu\u00e1caras<\/title>\n<meta name=\"robots\" content=\"index, follow, max-snippet:-1, max-image-preview:large, max-video-preview:-1\" \/>\n<link rel=\"canonical\" href=\"https:\/\/santaanadelosguacaras.gob.ar\/sitio\/normativa\/\" \/>\n<meta property=\"og:locale\" content=\"es_ES\" \/>\n<meta property=\"og:type\" content=\"article\" \/>\n<meta property=\"og:title\" content=\"Normativa - Municipalidad de Santa Ana de los Gu\u00e1caras\" \/>\n<meta property=\"og:description\" content=\"En esta secci\u00f3n encontrar\u00e1 las resoluciones y comunicaciones realizados por el Departamento Ejecutivo de la Municipalidad de Santa Ana de los Gu\u00e1caras. Carta Org\u00e1nica Resoluciones\" \/>\n<meta property=\"og:url\" content=\"https:\/\/santaanadelosguacaras.gob.ar\/sitio\/normativa\/\" \/>\n<meta property=\"og:site_name\" content=\"Municipalidad de Santa Ana de los Gu\u00e1caras\" \/>\n<meta property=\"article:publisher\" content=\"https:\/\/www.facebook.com\/MuniSantaAnaDeLosGuacaras\" \/>\n<meta property=\"article:modified_time\" content=\"2025-01-04T00:18:58+00:00\" \/>\n<meta name=\"twitter:card\" content=\"summary_large_image\" \/>\n<meta name=\"twitter:label1\" content=\"Tiempo de lectura\" \/>\n\t<meta name=\"twitter:data1\" content=\"1 minuto\" \/>\n<script type=\"application\/ld+json\" class=\"yoast-schema-graph\">{\"@context\":\"https:\/\/schema.org\",\"@graph\":[{\"@type\":\"WebPage\",\"@id\":\"https:\/\/santaanadelosguacaras.gob.ar\/sitio\/normativa\/\",\"url\":\"https:\/\/santaanadelosguacaras.gob.ar\/sitio\/normativa\/\",\"name\":\"Normativa - Municipalidad de Santa Ana de los Gu\u00e1caras\",\"isPartOf\":{\"@id\":\"https:\/\/santaanadelosguacaras.gob.ar\/sitio\/#website\"},\"datePublished\":\"2025-01-02T11:49:58+00:00\",\"dateModified\":\"2025-01-04T00:18:58+00:00\",\"breadcrumb\":{\"@id\":\"https:\/\/santaanadelosguacaras.gob.ar\/sitio\/normativa\/#breadcrumb\"},\"inLanguage\":\"es\",\"potentialAction\":[{\"@type\":\"ReadAction\",\"target\":[\"https:\/\/santaanadelosguacaras.gob.ar\/sitio\/normativa\/\"]}]},{\"@type\":\"BreadcrumbList\",\"@id\":\"https:\/\/santaanadelosguacaras.gob.ar\/sitio\/normativa\/#breadcrumb\",\"itemListElement\":[{\"@type\":\"ListItem\",\"position\":1,\"name\":\"Portada\",\"item\":\"https:\/\/santaanadelosguacaras.gob.ar\/sitio\/\"},{\"@type\":\"ListItem\",\"position\":2,\"name\":\"Normativa\"}]},{\"@type\":\"WebSite\",\"@id\":\"https:\/\/santaanadelosguacaras.gob.ar\/sitio\/#website\",\"url\":\"https:\/\/santaanadelosguacaras.gob.ar\/sitio\/\",\"name\":\"Municipalidad de Santa Ana de los Gu\u00e1caras\",\"description\":\"Descubre Santa Ana de los Gu\u00e1caras, un rinc\u00f3n lleno de historia, cultura y naturaleza en Corrientes. Informaci\u00f3n oficial sobre eventos, turismo, servicios municipales y m\u00e1s. \u00a1Con\u00e9ctate con nuestra comunidad!\",\"publisher\":{\"@id\":\"https:\/\/santaanadelosguacaras.gob.ar\/sitio\/#organization\"},\"alternateName\":\"MuniSantaAna\",\"potentialAction\":[{\"@type\":\"SearchAction\",\"target\":{\"@type\":\"EntryPoint\",\"urlTemplate\":\"https:\/\/santaanadelosguacaras.gob.ar\/sitio\/?s={search_term_string}\"},\"query-input\":{\"@type\":\"PropertyValueSpecification\",\"valueRequired\":true,\"valueName\":\"search_term_string\"}}],\"inLanguage\":\"es\"},{\"@type\":\"Organization\",\"@id\":\"https:\/\/santaanadelosguacaras.gob.ar\/sitio\/#organization\",\"name\":\"Municipalidad de Santa Ana de los Gu\u00e1caras\",\"alternateName\":\"MuniSantaAna\",\"url\":\"https:\/\/santaanadelosguacaras.gob.ar\/sitio\/\",\"logo\":{\"@type\":\"ImageObject\",\"inLanguage\":\"es\",\"@id\":\"https:\/\/santaanadelosguacaras.gob.ar\/sitio\/#\/schema\/logo\/image\/\",\"url\":\"https:\/\/santaanadelosguacaras.gob.ar\/sitio\/wp-content\/uploads\/2024\/12\/cropped-logo_muni_250.png\",\"contentUrl\":\"https:\/\/santaanadelosguacaras.gob.ar\/sitio\/wp-content\/uploads\/2024\/12\/cropped-logo_muni_250.png\",\"width\":247,\"height\":95,\"caption\":\"Municipalidad de Santa Ana de los Gu\u00e1caras\"},\"image\":{\"@id\":\"https:\/\/santaanadelosguacaras.gob.ar\/sitio\/#\/schema\/logo\/image\/\"},\"sameAs\":[\"https:\/\/www.facebook.com\/MuniSantaAnaDeLosGuacaras\",\"https:\/\/www.instagram.com\/muni_santaana_ctes\"]}]}<\/script>\n<!-- \/ Yoast SEO plugin. -->","yoast_head_json":{"title":"Normativa - Municipalidad de Santa Ana de los Gu\u00e1caras","robots":{"index":"index","follow":"follow","max-snippet":"max-snippet:-1","max-image-preview":"max-image-preview:large","max-video-preview":"max-video-preview:-1"},"canonical":"https:\/\/santaanadelosguacaras.gob.ar\/sitio\/normativa\/","og_locale":"es_ES","og_type":"article","og_title":"Normativa - Municipalidad de Santa Ana de los Gu\u00e1caras","og_description":"En esta secci\u00f3n encontrar\u00e1 las resoluciones y comunicaciones realizados por el Departamento Ejecutivo de la Municipalidad de Santa Ana de los Gu\u00e1caras. Carta Org\u00e1nica Resoluciones","og_url":"https:\/\/santaanadelosguacaras.gob.ar\/sitio\/normativa\/","og_site_name":"Municipalidad de Santa Ana de los Gu\u00e1caras","article_publisher":"https:\/\/www.facebook.com\/MuniSantaAnaDeLosGuacaras","article_modified_time":"2025-01-04T00:18:58+00:00","twitter_card":"summary_large_image","twitter_misc":{"Tiempo de lectura":"1 minuto"},"schema":{"@context":"https:\/\/schema.org","@graph":[{"@type":"WebPage","@id":"https:\/\/santaanadelosguacaras.gob.ar\/sitio\/normativa\/","url":"https:\/\/santaanadelosguacaras.gob.ar\/sitio\/normativa\/","name":"Normativa - Municipalidad de Santa Ana de los Gu\u00e1caras","isPartOf":{"@id":"https:\/\/santaanadelosguacaras.gob.ar\/sitio\/#website"},"datePublished":"2025-01-02T11:49:58+00:00","dateModified":"2025-01-04T00:18:58+00:00","breadcrumb":{"@id":"https:\/\/santaanadelosguacaras.gob.ar\/sitio\/normativa\/#breadcrumb"},"inLanguage":"es","potentialAction":[{"@type":"ReadAction","target":["https:\/\/santaanadelosguacaras.gob.ar\/sitio\/normativa\/"]}]},{"@type":"BreadcrumbList","@id":"https:\/\/santaanadelosguacaras.gob.ar\/sitio\/normativa\/#breadcrumb","itemListElement":[{"@type":"ListItem","position":1,"name":"Portada","item":"https:\/\/santaanadelosguacaras.gob.ar\/sitio\/"},{"@type":"ListItem","position":2,"name":"Normativa"}]},{"@type":"WebSite","@id":"https:\/\/santaanadelosguacaras.gob.ar\/sitio\/#website","url":"https:\/\/santaanadelosguacaras.gob.ar\/sitio\/","name":"Municipalidad de Santa Ana de los Gu\u00e1caras","description":"Descubre Santa Ana de los Gu\u00e1caras, un rinc\u00f3n lleno de historia, cultura y naturaleza en Corrientes. Informaci\u00f3n oficial sobre eventos, turismo, servicios municipales y m\u00e1s. \u00a1Con\u00e9ctate con nuestra comunidad!","publisher":{"@id":"https:\/\/santaanadelosguacaras.gob.ar\/sitio\/#organization"},"alternateName":"MuniSantaAna","potentialAction":[{"@type":"SearchAction","target":{"@type":"EntryPoint","urlTemplate":"https:\/\/santaanadelosguacaras.gob.ar\/sitio\/?s={search_term_string}"},"query-input":{"@type":"PropertyValueSpecification","valueRequired":true,"valueName":"search_term_string"}}],"inLanguage":"es"},{"@type":"Organization","@id":"https:\/\/santaanadelosguacaras.gob.ar\/sitio\/#organization","name":"Municipalidad de Santa Ana de los Gu\u00e1caras","alternateName":"MuniSantaAna","url":"https:\/\/santaanadelosguacaras.gob.ar\/sitio\/","logo":{"@type":"ImageObject","inLanguage":"es","@id":"https:\/\/santaanadelosguacaras.gob.ar\/sitio\/#\/schema\/logo\/image\/","url":"https:\/\/santaanadelosguacaras.gob.ar\/sitio\/wp-content\/uploads\/2024\/12\/cropped-logo_muni_250.png","contentUrl":"https:\/\/santaanadelosguacaras.gob.ar\/sitio\/wp-content\/uploads\/2024\/12\/cropped-logo_muni_250.png","width":247,"height":95,"caption":"Municipalidad de Santa Ana de los Gu\u00e1caras"},"image":{"@id":"https:\/\/santaanadelosguacaras.gob.ar\/sitio\/#\/schema\/logo\/image\/"},"sameAs":["https:\/\/www.facebook.com\/MuniSantaAnaDeLosGuacaras","https:\/\/www.instagram.com\/muni_santaana_ctes"]}]}},"_links":{"self":[{"href":"https:\/\/santaanadelosguacaras.gob.ar\/sitio\/wp-json\/wp\/v2\/pages\/247","targetHints":{"allow":["GET"]}}],"collection":[{"href":"https:\/\/santaanadelosguacaras.gob.ar\/sitio\/wp-json\/wp\/v2\/pages"}],"about":[{"href":"https:\/\/santaanadelosguacaras.gob.ar\/sitio\/wp-json\/wp\/v2\/types\/page"}],"author":[{"embeddable":true,"href":"https:\/\/santaanadelosguacaras.gob.ar\/sitio\/wp-json\/wp\/v2\/users\/2"}],"replies":[{"embeddable":true,"href":"https:\/\/santaanadelosguacaras.gob.ar\/sitio\/wp-json\/wp\/v2\/comments?post=247"}],"version-history":[{"count":8,"href":"https:\/\/santaanadelosguacaras.gob.ar\/sitio\/wp-json\/wp\/v2\/pages\/247\/revisions"}],"predecessor-version":[{"id":302,"href":"https:\/\/santaanadelosguacaras.gob.ar\/sitio\/wp-json\/wp\/v2\/pages\/247\/revisions\/302"}],"wp:attachment":[{"href":"https:\/\/santaanadelosguacaras.gob.ar\/sitio\/wp-json\/wp\/v2\/media?parent=247"}],"curies":[{"name":"wp","href":"https:\/\/api.w.org\/{rel}","templated":true}]}}